{"id":1120,"date":"2022-09-27T13:11:07","date_gmt":"2022-09-27T16:11:07","guid":{"rendered":"http:\/\/localhost\/extension\/?page_id=452"},"modified":"2023-11-09T12:37:59","modified_gmt":"2023-11-09T12:37:59","slug":"novedades","status":"publish","type":"page","link":"https:\/\/extension.fcejs.unsl.edu.ar\/index.php\/novedades\/","title":{"rendered":"Novedades"},"content":{"rendered":"\t\t<div data-elementor-type=\"wp-page\" data-elementor-id=\"1120\" class=\"elementor elementor-1120\">\n\t\t\t\t\t\t<section class=\"elementor-section elementor-top-section elementor-element elementor-element-58634694 elementor-section-content-middle elementor-section-boxed elementor-section-height-default elementor-section-height-default\" data-id=\"58634694\" data-element_type=\"section\" data-e-type=\"section\">\n\t\t\t\t\t\t<div class=\"elementor-container elementor-column-gap-default\">\n\t\t\t\t\t<div class=\"elementor-column elementor-col-100 elementor-top-column elementor-element elementor-element-6017d123\" data-id=\"6017d123\" data-element_type=\"column\" data-e-type=\"column\">\n\t\t\t<div class=\"elementor-widget-wrap elementor-element-populated\">\n\t\t\t\t\t\t<section class=\"elementor-section elementor-inner-section elementor-element elementor-element-7030ca01 elementor-section-full_width elementor-section-height-default elementor-section-height-default\" data-id=\"7030ca01\" data-element_type=\"section\" data-e-type=\"section\">\n\t\t\t\t\t\t<div class=\"elementor-container elementor-column-gap-default\">\n\t\t\t\t\t<div class=\"elementor-column elementor-col-50 elementor-inner-column elementor-element elementor-element-4a84260c\" data-id=\"4a84260c\" data-element_type=\"column\" data-e-type=\"column\" data-settings=\"{&quot;background_background&quot;:&quot;classic&quot;}\">\n\t\t\t<div class=\"elementor-widget-wrap elementor-element-populated\">\n\t\t\t\t\t\t<div class=\"elementor-element elementor-element-5a32a7c7 premium-blog-align-left elementor-widget elementor-widget-premium-addon-blog\" data-id=\"5a32a7c7\" data-element_type=\"widget\" data-e-type=\"widget\" data-settings=\"{&quot;premium_blog_columns_number&quot;:&quot;100%&quot;,&quot;premium_blog_grid&quot;:&quot;yes&quot;,&quot;premium_blog_layout&quot;:&quot;even&quot;,&quot;premium_blog_columns_number_tablet&quot;:&quot;50%&quot;,&quot;premium_blog_columns_number_mobile&quot;:&quot;100%&quot;}\" data-widget_type=\"premium-addon-blog.default\">\n\t\t\t\t<div class=\"elementor-widget-container\">\n\t\t\t\t\t\n\t\t\n\n\t\t\t\t<div class=\"premium-blog-wrap  premium-blog-even\" data-page=\"1120\">\n\t\t\t\t\t\t\t\t\t<div class=\"premium-blog-post-outer-container\" data-total=\"221\">\n\t\t\t<div class=\"premium-blog-post-container premium-blog-skin-classic\">\n\t\t\t\t\t\t\t\t\t<div class=\"premium-blog-thumb-effect-wrapper\">\n\t\t\t\t\t\t<div class=\"premium-blog-thumbnail-container premium-blog-zoomout-effect\">\n\t\t\t\t\t\t\t<img fetchpriority=\"high\" decoding=\"async\" width=\"843\" height=\"474\" src=\"https:\/\/extension.fcejs.unsl.edu.ar\/wp-content\/uploads\/2026\/04\/placa-web-SEMINARIO-DERECHO-AMBIENTAL.jpg-1024x576.jpeg\" class=\"attachment-large size-large wp-image-2084\" alt=\"\" srcset=\"https:\/\/extension.fcejs.unsl.edu.ar\/wp-content\/uploads\/2026\/04\/placa-web-SEMINARIO-DERECHO-AMBIENTAL.jpg-1024x576.jpeg 1024w, https:\/\/extension.fcejs.unsl.edu.ar\/wp-content\/uploads\/2026\/04\/placa-web-SEMINARIO-DERECHO-AMBIENTAL.jpg-300x169.jpeg 300w, https:\/\/extension.fcejs.unsl.edu.ar\/wp-content\/uploads\/2026\/04\/placa-web-SEMINARIO-DERECHO-AMBIENTAL.jpg-768x432.jpeg 768w, https:\/\/extension.fcejs.unsl.edu.ar\/wp-content\/uploads\/2026\/04\/placa-web-SEMINARIO-DERECHO-AMBIENTAL.jpg.jpeg 1153w\" sizes=\"(max-width: 843px) 100vw, 843px\" \/>\t\t\t\t\t\t<\/div>\n\t\t\t\t\t\t\t\t\t\t\t\t\t<div class=\"premium-blog-thumbnail-overlay\">\n\t\t\t\t\t\t\t\t<a class=\"elementor-icon\" href=\"https:\/\/extension.fcejs.unsl.edu.ar\/index.php\/seminario-virtual-sobre-derecho-ambiental-inicia-el-30-de-abril\/\" target=\"_self\"><\/a>\n\t\t\t\t\t\t\t<\/div>\n\n\t\t\t\t\t\t\t\t\t\t\t\t\t\t\t\t\t\t<\/div>\n\t\t\t\t\t\t\t\t\t\t\t\t<div class=\"premium-blog-content-wrapper \">\n\n\t\t\t\t\t<div class=\"premium-blog-inner-container\">\n\n\t\t\t\t\t\t\t\t\t\t\t\t\t\t<h2 class=\"premium-blog-entry-title\">\n\t\t\t<a href=\"https:\/\/extension.fcejs.unsl.edu.ar\/index.php\/seminario-virtual-sobre-derecho-ambiental-inicia-el-30-de-abril\/\" target=\"_self\">\n\t\t\t\tSeminario virtual sobre Derecho Ambiental inicia el 30 de abril\t\t\t<\/a>\n\t\t<\/h2>\n\t\t\t\t<div class=\"premium-blog-entry-meta\">\n\t\t\t\n\t\t\t\n\t\t\t\n\t\t\t\t\t<\/div>\n\t\t\n\t\t\t\t\t<\/div>\n\n\t\t\t\t\t\t\t<div class=\"premium-blog-content-inner-wrapper\">\n\t\t<p class=\"premium-blog-post-content\">La Secretar\u00eda de Extensi\u00f3n Universitaria invita a participar de la tercera edici\u00f3n del&nbsp;Seminario sobre Actualizaci\u00f3n en Derecho Ambiental: Desaf\u00edos y Nuevas Perspectivas, que se desarrollar\u00e1&hellip;<\/p>\t\t<\/div>\n\t\t\t\t\t\t\t\n\t\t\t\t<\/div>\n\t\t\t<\/div>\n\t\t<\/div>\n\n\t\t\t\t\t\t\t<\/div>\n\n\t\t\n\t\t\n\t\t\t\t\t\t<\/div>\n\t\t\t\t<\/div>\n\t\t\t\t\t<\/div>\n\t\t<\/div>\n\t\t\t\t<div class=\"elementor-column elementor-col-50 elementor-inner-column elementor-element elementor-element-7912040d\" data-id=\"7912040d\" data-element_type=\"column\" data-e-type=\"column\">\n\t\t\t<div class=\"elementor-widget-wrap elementor-element-populated\">\n\t\t\t\t\t\t<div class=\"elementor-element elementor-element-34ae6b43 premium-blog-align-left elementor-widget elementor-widget-premium-addon-blog\" data-id=\"34ae6b43\" data-element_type=\"widget\" data-e-type=\"widget\" data-settings=\"{&quot;premium_blog_columns_number_mobile&quot;:&quot;50%&quot;,&quot;premium_blog_grid&quot;:&quot;yes&quot;,&quot;premium_blog_layout&quot;:&quot;even&quot;,&quot;premium_blog_columns_number&quot;:&quot;50%&quot;,&quot;premium_blog_columns_number_tablet&quot;:&quot;50%&quot;}\" data-widget_type=\"premium-addon-blog.default\">\n\t\t\t\t<div class=\"elementor-widget-container\">\n\t\t\t\t\t\n\t\t\n\n\t\t\t\t<div class=\"premium-blog-wrap  premium-blog-even\" data-page=\"1120\">\n\t\t\t\t\t\t\t\t\t<div class=\"premium-blog-post-outer-container\" data-total=\"55\">\n\t\t\t<div class=\"premium-blog-post-container premium-blog-skin-classic\">\n\t\t\t\t\t\t\t\t\t<div class=\"premium-blog-thumb-effect-wrapper\">\n\t\t\t\t\t\t<div class=\"premium-blog-thumbnail-container premium-blog-zoomout-effect\">\n\t\t\t\t\t\t\t<img decoding=\"async\" width=\"843\" height=\"474\" src=\"https:\/\/extension.fcejs.unsl.edu.ar\/wp-content\/uploads\/2026\/04\/placa-web_DROGRAS-Y-ALGO-MAS.jpg-1024x576.jpeg\" class=\"attachment-large size-large wp-image-2080\" alt=\"\" srcset=\"https:\/\/extension.fcejs.unsl.edu.ar\/wp-content\/uploads\/2026\/04\/placa-web_DROGRAS-Y-ALGO-MAS.jpg-1024x576.jpeg 1024w, https:\/\/extension.fcejs.unsl.edu.ar\/wp-content\/uploads\/2026\/04\/placa-web_DROGRAS-Y-ALGO-MAS.jpg-300x169.jpeg 300w, https:\/\/extension.fcejs.unsl.edu.ar\/wp-content\/uploads\/2026\/04\/placa-web_DROGRAS-Y-ALGO-MAS.jpg-768x432.jpeg 768w, https:\/\/extension.fcejs.unsl.edu.ar\/wp-content\/uploads\/2026\/04\/placa-web_DROGRAS-Y-ALGO-MAS.jpg.jpeg 1153w\" sizes=\"(max-width: 843px) 100vw, 843px\" \/>\t\t\t\t\t\t<\/div>\n\t\t\t\t\t\t\t\t\t\t\t\t\t<div class=\"premium-blog-thumbnail-overlay\">\n\t\t\t\t\t\t\t\t<a class=\"elementor-icon\" href=\"https:\/\/extension.fcejs.unsl.edu.ar\/index.php\/programa-de-prevencion-de-consumos-problematicos-taller-drogas-y-algo-mas\/\" target=\"_self\"><\/a>\n\t\t\t\t\t\t\t<\/div>\n\n\t\t\t\t\t\t\t\t\t\t\t\t\t\t\t\t\t\t<\/div>\n\t\t\t\t\t\t\t\t\t\t\t\t<div class=\"premium-blog-content-wrapper \">\n\n\t\t\t\t\t<div class=\"premium-blog-inner-container\">\n\n\t\t\t\t\t\t\t\t\t\t\t\t\t\t<h2 class=\"premium-blog-entry-title\">\n\t\t\t<a href=\"https:\/\/extension.fcejs.unsl.edu.ar\/index.php\/programa-de-prevencion-de-consumos-problematicos-taller-drogas-y-algo-mas\/\" target=\"_self\">\n\t\t\t\tPrograma de Prevenci\u00f3n de Consumos Problem\u00e1ticos: Taller Drogas y Algo Mas\t\t\t<\/a>\n\t\t<\/h2>\n\t\t\t\t<div class=\"premium-blog-entry-meta\">\n\t\t\t\n\t\t\t\n\t\t\t\n\t\t\t\t\t<\/div>\n\t\t\n\t\t\t\t\t<\/div>\n\n\t\t\t\t\t\t\t\t\t\t\n\t\t\t\t<\/div>\n\t\t\t<\/div>\n\t\t<\/div>\n\n\t\t\t\t<div class=\"premium-blog-post-outer-container\" data-total=\"55\">\n\t\t\t<div class=\"premium-blog-post-container premium-blog-skin-classic\">\n\t\t\t\t\t\t\t\t\t<div class=\"premium-blog-thumb-effect-wrapper\">\n\t\t\t\t\t\t<div class=\"premium-blog-thumbnail-container premium-blog-zoomout-effect\">\n\t\t\t\t\t\t\t<img decoding=\"async\" width=\"843\" height=\"474\" src=\"https:\/\/extension.fcejs.unsl.edu.ar\/wp-content\/uploads\/2026\/04\/placa-webLIBRO-CUBA.jpg-1024x576.jpeg\" class=\"attachment-large size-large wp-image-2072\" alt=\"\" srcset=\"https:\/\/extension.fcejs.unsl.edu.ar\/wp-content\/uploads\/2026\/04\/placa-webLIBRO-CUBA.jpg-1024x576.jpeg 1024w, https:\/\/extension.fcejs.unsl.edu.ar\/wp-content\/uploads\/2026\/04\/placa-webLIBRO-CUBA.jpg-300x169.jpeg 300w, https:\/\/extension.fcejs.unsl.edu.ar\/wp-content\/uploads\/2026\/04\/placa-webLIBRO-CUBA.jpg-768x432.jpeg 768w, https:\/\/extension.fcejs.unsl.edu.ar\/wp-content\/uploads\/2026\/04\/placa-webLIBRO-CUBA.jpg.jpeg 1153w\" sizes=\"(max-width: 843px) 100vw, 843px\" \/>\t\t\t\t\t\t<\/div>\n\t\t\t\t\t\t\t\t\t\t\t\t\t<div class=\"premium-blog-thumbnail-overlay\">\n\t\t\t\t\t\t\t\t<a class=\"elementor-icon\" href=\"https:\/\/extension.fcejs.unsl.edu.ar\/index.php\/conversatorio-y-presentacion-del-libro-cuba-historia-critica-1959-2025\/\" target=\"_self\"><\/a>\n\t\t\t\t\t\t\t<\/div>\n\n\t\t\t\t\t\t\t\t\t\t\t\t\t\t\t\t\t\t<\/div>\n\t\t\t\t\t\t\t\t\t\t\t\t<div class=\"premium-blog-content-wrapper \">\n\n\t\t\t\t\t<div class=\"premium-blog-inner-container\">\n\n\t\t\t\t\t\t\t\t\t\t\t\t\t\t<h2 class=\"premium-blog-entry-title\">\n\t\t\t<a href=\"https:\/\/extension.fcejs.unsl.edu.ar\/index.php\/conversatorio-y-presentacion-del-libro-cuba-historia-critica-1959-2025\/\" target=\"_self\">\n\t\t\t\tConversatorio y presentaci\u00f3n del libro \u201cCuba: Historia Cr\u00edtica (1959-2025)\u201d\t\t\t<\/a>\n\t\t<\/h2>\n\t\t\t\t<div class=\"premium-blog-entry-meta\">\n\t\t\t\n\t\t\t\n\t\t\t\n\t\t\t\t\t<\/div>\n\t\t\n\t\t\t\t\t<\/div>\n\n\t\t\t\t\t\t\t\t\t\t\n\t\t\t\t<\/div>\n\t\t\t<\/div>\n\t\t<\/div>\n\n\t\t\t\t<div class=\"premium-blog-post-outer-container\" data-total=\"55\">\n\t\t\t<div class=\"premium-blog-post-container premium-blog-skin-classic\">\n\t\t\t\t\t\t\t\t\t<div class=\"premium-blog-thumb-effect-wrapper\">\n\t\t\t\t\t\t<div class=\"premium-blog-thumbnail-container premium-blog-zoomout-effect\">\n\t\t\t\t\t\t\t<img loading=\"lazy\" decoding=\"async\" width=\"843\" height=\"473\" src=\"https:\/\/extension.fcejs.unsl.edu.ar\/wp-content\/uploads\/2026\/04\/charlas-problemticas-actuales-FRONT-1024x575.jpg\" class=\"attachment-large size-large wp-image-2069\" alt=\"\" srcset=\"https:\/\/extension.fcejs.unsl.edu.ar\/wp-content\/uploads\/2026\/04\/charlas-problemticas-actuales-FRONT-1024x575.jpg 1024w, https:\/\/extension.fcejs.unsl.edu.ar\/wp-content\/uploads\/2026\/04\/charlas-problemticas-actuales-FRONT-300x168.jpg 300w, https:\/\/extension.fcejs.unsl.edu.ar\/wp-content\/uploads\/2026\/04\/charlas-problemticas-actuales-FRONT-768x431.jpg 768w, https:\/\/extension.fcejs.unsl.edu.ar\/wp-content\/uploads\/2026\/04\/charlas-problemticas-actuales-FRONT.jpg 1152w\" sizes=\"(max-width: 843px) 100vw, 843px\" \/>\t\t\t\t\t\t<\/div>\n\t\t\t\t\t\t\t\t\t\t\t\t\t<div class=\"premium-blog-thumbnail-overlay\">\n\t\t\t\t\t\t\t\t<a class=\"elementor-icon\" href=\"https:\/\/extension.fcejs.unsl.edu.ar\/index.php\/genero-y-derechos-humanos-espacio-de-formacion-en-la-fcejs\/\" target=\"_self\"><\/a>\n\t\t\t\t\t\t\t<\/div>\n\n\t\t\t\t\t\t\t\t\t\t\t\t\t\t\t\t\t\t<\/div>\n\t\t\t\t\t\t\t\t\t\t\t\t<div class=\"premium-blog-content-wrapper \">\n\n\t\t\t\t\t<div class=\"premium-blog-inner-container\">\n\n\t\t\t\t\t\t\t\t\t\t\t\t\t\t<h2 class=\"premium-blog-entry-title\">\n\t\t\t<a href=\"https:\/\/extension.fcejs.unsl.edu.ar\/index.php\/genero-y-derechos-humanos-espacio-de-formacion-en-la-fcejs\/\" target=\"_self\">\n\t\t\t\tG\u00e9nero y derechos humanos: espacio de formaci\u00f3n en la FCEJS\t\t\t<\/a>\n\t\t<\/h2>\n\t\t\t\t<div class=\"premium-blog-entry-meta\">\n\t\t\t\n\t\t\t\n\t\t\t\n\t\t\t\t\t<\/div>\n\t\t\n\t\t\t\t\t<\/div>\n\n\t\t\t\t\t\t\t\t\t\t\n\t\t\t\t<\/div>\n\t\t\t<\/div>\n\t\t<\/div>\n\n\t\t\t\t<div class=\"premium-blog-post-outer-container\" data-total=\"55\">\n\t\t\t<div class=\"premium-blog-post-container premium-blog-skin-classic\">\n\t\t\t\t\t\t\t\t\t<div class=\"premium-blog-thumb-effect-wrapper\">\n\t\t\t\t\t\t<div class=\"premium-blog-thumbnail-container premium-blog-zoomout-effect\">\n\t\t\t\t\t\t\t<img loading=\"lazy\" decoding=\"async\" width=\"843\" height=\"473\" src=\"https:\/\/extension.fcejs.unsl.edu.ar\/wp-content\/uploads\/2026\/04\/muestra-Floreceran-Panuelos-front-1024x575.jpg\" class=\"attachment-large size-large wp-image-2065\" alt=\"\" srcset=\"https:\/\/extension.fcejs.unsl.edu.ar\/wp-content\/uploads\/2026\/04\/muestra-Floreceran-Panuelos-front-1024x575.jpg 1024w, https:\/\/extension.fcejs.unsl.edu.ar\/wp-content\/uploads\/2026\/04\/muestra-Floreceran-Panuelos-front-300x168.jpg 300w, https:\/\/extension.fcejs.unsl.edu.ar\/wp-content\/uploads\/2026\/04\/muestra-Floreceran-Panuelos-front-768x431.jpg 768w, https:\/\/extension.fcejs.unsl.edu.ar\/wp-content\/uploads\/2026\/04\/muestra-Floreceran-Panuelos-front.jpg 1152w\" sizes=\"(max-width: 843px) 100vw, 843px\" \/>\t\t\t\t\t\t<\/div>\n\t\t\t\t\t\t\t\t\t\t\t\t\t<div class=\"premium-blog-thumbnail-overlay\">\n\t\t\t\t\t\t\t\t<a class=\"elementor-icon\" href=\"https:\/\/extension.fcejs.unsl.edu.ar\/index.php\/una-intervencion-artistica-que-invita-a-reflexionar-sobre-memoria-y-derechos-humanos\/\" target=\"_self\"><\/a>\n\t\t\t\t\t\t\t<\/div>\n\n\t\t\t\t\t\t\t\t\t\t\t\t\t\t\t\t\t\t<\/div>\n\t\t\t\t\t\t\t\t\t\t\t\t<div class=\"premium-blog-content-wrapper \">\n\n\t\t\t\t\t<div class=\"premium-blog-inner-container\">\n\n\t\t\t\t\t\t\t\t\t\t\t\t\t\t<h2 class=\"premium-blog-entry-title\">\n\t\t\t<a href=\"https:\/\/extension.fcejs.unsl.edu.ar\/index.php\/una-intervencion-artistica-que-invita-a-reflexionar-sobre-memoria-y-derechos-humanos\/\" target=\"_self\">\n\t\t\t\tUna intervenci\u00f3n art\u00edstica que invita a reflexionar sobre memoria y derechos humanos\t\t\t<\/a>\n\t\t<\/h2>\n\t\t\t\t<div class=\"premium-blog-entry-meta\">\n\t\t\t\n\t\t\t\n\t\t\t\n\t\t\t\t\t<\/div>\n\t\t\n\t\t\t\t\t<\/div>\n\n\t\t\t\t\t\t\t\t\t\t\n\t\t\t\t<\/div>\n\t\t\t<\/div>\n\t\t<\/div>\n\n\t\t\t\t\t\t\t<\/div>\n\n\t\t\n\t\t\n\t\t\t\t\t\t<\/div>\n\t\t\t\t<\/div>\n\t\t\t\t\t<\/div>\n\t\t<\/div>\n\t\t\t\t\t<\/div>\n\t\t<\/section>\n\t\t\t\t\t<\/div>\n\t\t<\/div>\n\t\t\t\t\t<\/div>\n\t\t<\/section>\n\t\t\t\t<section class=\"elementor-section elementor-top-section elementor-element elementor-element-4600ccc1 elementor-section-height-min-height elementor-section-boxed elementor-section-height-default elementor-section-items-middle\" data-id=\"4600ccc1\" data-element_type=\"section\" data-e-type=\"section\" data-settings=\"{&quot;background_background&quot;:&quot;classic&quot;}\">\n\t\t\t\t\t\t<div class=\"elementor-container elementor-column-gap-extended\">\n\t\t\t\t\t<div class=\"elementor-column elementor-col-100 elementor-top-column elementor-element elementor-element-3641ca9a\" data-id=\"3641ca9a\" data-element_type=\"column\" data-e-type=\"column\">\n\t\t\t<div class=\"elementor-widget-wrap elementor-element-populated\">\n\t\t\t\t\t\t<div class=\"elementor-element elementor-element-722c74dc elementor-widget elementor-widget-heading\" data-id=\"722c74dc\" data-element_type=\"widget\" data-e-type=\"widget\" data-widget_type=\"heading.default\">\n\t\t\t\t<div class=\"elementor-widget-container\">\n\t\t\t\t\t<h2 class=\"elementor-heading-title elementor-size-default\">Extensi\u00f3n Radial <\/h2>\t\t\t\t<\/div>\n\t\t\t\t<\/div>\n\t\t\t\t<div class=\"elementor-element elementor-element-caad87b elementor-widget elementor-widget-eael-image-accordion\" data-id=\"caad87b\" data-element_type=\"widget\" data-e-type=\"widget\" data-widget_type=\"eael-image-accordion.default\">\n\t\t\t\t<div class=\"elementor-widget-container\">\n\t\t\t\t\t    <div class=\"eael-img-accordion accordion-direction-horizontal eael-img-accordion-horizontal-align-center eael-img-accordion-vertical-align-center\" id=\"eael-img-accordion-caad87b\" data-img-accordion-id=\"caad87b\" data-img-accordion-type=\"on-hover\">\n                    \n            <div class=\"eael-image-accordion-hover eael-image-accordion-item\" style=\"background-image: url(http:\/\/extension.fcejs.unsl.edu.ar\/wp-content\/uploads\/2023\/11\/FLYER-LA-EXTENSION-EN-FOCO-radio-.jpg);\"  tabindex=\"0\">\n                <div class=\"overlay\">\n                                        <div class=\"overlay-inner \">\n                        <a href=\"http:\/\/radio.fcejs.unsl.edu.ar\/index.php\/miercoles-11-a-12-h-la-extension-en-foco\/\" target=\"_blank\"><\/a>                    <\/div>\n                <\/div>\n            <\/div>\n                    \n            <div class=\"eael-image-accordion-hover eael-image-accordion-item\" style=\"background-image: url(http:\/\/extension.fcejs.unsl.edu.ar\/wp-content\/uploads\/2023\/11\/EL-AGORA.jpg);\"  tabindex=\"0\">\n                <div class=\"overlay\">\n                                        <div class=\"overlay-inner \">\n                        <a href=\"http:\/\/seu.unsl.edu.ar\/application\/assets\/iconos\/seu\/rexuni.png\" target=\"_blank\"><\/a>                    <\/div>\n                <\/div>\n            <\/div>\n                    \n            <div class=\"eael-image-accordion-hover eael-image-accordion-item\" style=\"background-image: url(http:\/\/extension.fcejs.unsl.edu.ar\/wp-content\/uploads\/2023\/11\/mitos.jpg);\"  tabindex=\"0\">\n                <div class=\"overlay\">\n                                        <div class=\"overlay-inner \">\n                        <a href=\"http:\/\/radio.fcejs.unsl.edu.ar\/index.php\/el-agora-jueves-de-20-h\/\" target=\"_blank\"><\/a>                    <\/div>\n                <\/div>\n            <\/div>\n                <\/div>\n        <style typr=\"text\/css\">\n                    #eael-img-accordion-caad87b .eael-image-accordion-hover:hover {\n                        flex: 3 1 0% !important;\n                    }\n                    #eael-img-accordion-caad87b .eael-image-accordion-hover:hover:hover .overlay-inner * {\n                        opacity: 1;\n                        visibility: visible;\n                        transform: none;\n                        transition: all .3s .3s;\n                    }\n                <\/style>\t\t\t\t<\/div>\n\t\t\t\t<\/div>\n\t\t\t\t\t<\/div>\n\t\t<\/div>\n\t\t\t\t\t<\/div>\n\t\t<\/section>\n\t\t\t\t<section class=\"elementor-section elementor-top-section elementor-element elementor-element-9c7204c elementor-section-content-middle elementor-section-boxed elementor-section-height-default elementor-section-height-default\" data-id=\"9c7204c\" data-element_type=\"section\" data-e-type=\"section\">\n\t\t\t\t\t\t<div class=\"elementor-container elementor-column-gap-default\">\n\t\t\t\t\t<div class=\"elementor-column elementor-col-100 elementor-top-column elementor-element elementor-element-78f8499\" data-id=\"78f8499\" data-element_type=\"column\" data-e-type=\"column\">\n\t\t\t<div class=\"elementor-widget-wrap elementor-element-populated\">\n\t\t\t\t\t\t<section class=\"elementor-section elementor-inner-section elementor-element elementor-element-14669fe elementor-section-full_width elementor-section-height-default elementor-section-height-default\" data-id=\"14669fe\" data-element_type=\"section\" data-e-type=\"section\">\n\t\t\t\t\t\t<div class=\"elementor-container elementor-column-gap-default\">\n\t\t\t\t\t<div class=\"elementor-column elementor-col-100 elementor-inner-column elementor-element elementor-element-788455e\" data-id=\"788455e\" data-element_type=\"column\" data-e-type=\"column\">\n\t\t\t<div class=\"elementor-widget-wrap elementor-element-populated\">\n\t\t\t\t\t\t<div class=\"elementor-element elementor-element-ec1d0d0 premium-blog-align-left elementor-widget elementor-widget-premium-addon-blog\" data-id=\"ec1d0d0\" data-element_type=\"widget\" data-e-type=\"widget\" data-settings=\"{&quot;premium_blog_columns_number_mobile&quot;:&quot;50%&quot;,&quot;premium_blog_columns_number&quot;:&quot;33.33%&quot;,&quot;premium_blog_grid&quot;:&quot;yes&quot;,&quot;premium_blog_layout&quot;:&quot;even&quot;,&quot;premium_blog_columns_number_tablet&quot;:&quot;50%&quot;}\" data-widget_type=\"premium-addon-blog.default\">\n\t\t\t\t<div class=\"elementor-widget-container\">\n\t\t\t\t\t\n\t\t\n\n\t\t\t\t<div class=\"premium-blog-wrap  premium-blog-even\" data-page=\"1120\">\n\t\t\t\t\t\t\t\t\t<div class=\"premium-blog-post-outer-container\" data-total=\"15\">\n\t\t\t<div class=\"premium-blog-post-container premium-blog-skin-classic\">\n\t\t\t\t\t\t\t\t\t<div class=\"premium-blog-thumb-effect-wrapper\">\n\t\t\t\t\t\t<div class=\"premium-blog-thumbnail-container premium-blog-bright-effect\">\n\t\t\t\t\t\t\t<img loading=\"lazy\" decoding=\"async\" width=\"301\" height=\"168\" src=\"https:\/\/extension.fcejs.unsl.edu.ar\/wp-content\/uploads\/2026\/04\/desaparecidos1.jpg\" class=\"attachment-large size-large wp-image-2062\" alt=\"\" \/>\t\t\t\t\t\t<\/div>\n\t\t\t\t\t\t\t\t\t\t\t\t\t<div class=\"premium-blog-thumbnail-overlay\">\n\t\t\t\t\t\t\t\t<a class=\"elementor-icon\" href=\"https:\/\/extension.fcejs.unsl.edu.ar\/index.php\/elegimos-memoria-en-radio-unsl-villa-mercedes\/\" target=\"_self\"><\/a>\n\t\t\t\t\t\t\t<\/div>\n\n\t\t\t\t\t\t\t\t\t\t\t\t\t\t\t\t\t\t<\/div>\n\t\t\t\t\t\t\t\t\t\t\t\t<div class=\"premium-blog-content-wrapper \">\n\n\t\t\t\t\t<div class=\"premium-blog-inner-container\">\n\n\t\t\t\t\t\t\t\t\t\t\t\t\t\t<h2 class=\"premium-blog-entry-title\">\n\t\t\t<a href=\"https:\/\/extension.fcejs.unsl.edu.ar\/index.php\/elegimos-memoria-en-radio-unsl-villa-mercedes\/\" target=\"_self\">\n\t\t\t\t\u201cElegimos Memoria\u201d en Radio UNSL Villa Mercedes\t\t\t<\/a>\n\t\t<\/h2>\n\t\t\t\t<div class=\"premium-blog-entry-meta\">\n\t\t\t\n\t\t\t\n\t\t\t\n\t\t\t\t\t<\/div>\n\t\t\n\t\t\t\t\t<\/div>\n\n\t\t\t\t\t\t\t\t\t\t\n\t\t\t\t<\/div>\n\t\t\t<\/div>\n\t\t<\/div>\n\n\t\t\t\t<div class=\"premium-blog-post-outer-container\" data-total=\"15\">\n\t\t\t<div class=\"premium-blog-post-container premium-blog-skin-classic\">\n\t\t\t\t\t\t\t\t\t<div class=\"premium-blog-thumb-effect-wrapper\">\n\t\t\t\t\t\t<div class=\"premium-blog-thumbnail-container premium-blog-bright-effect\">\n\t\t\t\t\t\t\t<img loading=\"lazy\" decoding=\"async\" width=\"843\" height=\"474\" src=\"https:\/\/extension.fcejs.unsl.edu.ar\/wp-content\/uploads\/2026\/03\/placa-webPRESENTACION-LIBRO.jpg-1024x576.jpeg\" class=\"attachment-large size-large wp-image-2049\" alt=\"\" srcset=\"https:\/\/extension.fcejs.unsl.edu.ar\/wp-content\/uploads\/2026\/03\/placa-webPRESENTACION-LIBRO.jpg-1024x576.jpeg 1024w, https:\/\/extension.fcejs.unsl.edu.ar\/wp-content\/uploads\/2026\/03\/placa-webPRESENTACION-LIBRO.jpg-300x169.jpeg 300w, https:\/\/extension.fcejs.unsl.edu.ar\/wp-content\/uploads\/2026\/03\/placa-webPRESENTACION-LIBRO.jpg-768x432.jpeg 768w, https:\/\/extension.fcejs.unsl.edu.ar\/wp-content\/uploads\/2026\/03\/placa-webPRESENTACION-LIBRO.jpg.jpeg 1153w\" sizes=\"(max-width: 843px) 100vw, 843px\" \/>\t\t\t\t\t\t<\/div>\n\t\t\t\t\t\t\t\t\t\t\t\t\t<div class=\"premium-blog-thumbnail-overlay\">\n\t\t\t\t\t\t\t\t<a class=\"elementor-icon\" href=\"https:\/\/extension.fcejs.unsl.edu.ar\/index.php\/ciclo-elegimos-memoria-2026presentaran-el-libro-deseo-de-combate-y-muerte-en-la-fcejs\/\" target=\"_self\"><\/a>\n\t\t\t\t\t\t\t<\/div>\n\n\t\t\t\t\t\t\t\t\t\t\t\t\t\t\t\t\t\t<\/div>\n\t\t\t\t\t\t\t\t\t\t\t\t<div class=\"premium-blog-content-wrapper \">\n\n\t\t\t\t\t<div class=\"premium-blog-inner-container\">\n\n\t\t\t\t\t\t\t\t\t\t\t\t\t\t<h2 class=\"premium-blog-entry-title\">\n\t\t\t<a href=\"https:\/\/extension.fcejs.unsl.edu.ar\/index.php\/ciclo-elegimos-memoria-2026presentaran-el-libro-deseo-de-combate-y-muerte-en-la-fcejs\/\" target=\"_self\">\n\t\t\t\tCiclo \u201cElegimos Memoria 2026\u201d:Presentar\u00e1n el libro \u201cDeseo de combate y muerte\u201d en la FCEJS\t\t\t<\/a>\n\t\t<\/h2>\n\t\t\t\t<div class=\"premium-blog-entry-meta\">\n\t\t\t\n\t\t\t\n\t\t\t\n\t\t\t\t\t<\/div>\n\t\t\n\t\t\t\t\t<\/div>\n\n\t\t\t\t\t\t\t\t\t\t\n\t\t\t\t<\/div>\n\t\t\t<\/div>\n\t\t<\/div>\n\n\t\t\t\t<div class=\"premium-blog-post-outer-container\" data-total=\"15\">\n\t\t\t<div class=\"premium-blog-post-container premium-blog-skin-classic\">\n\t\t\t\t\t\t\t\t\t<div class=\"premium-blog-thumb-effect-wrapper\">\n\t\t\t\t\t\t<div class=\"premium-blog-thumbnail-container premium-blog-bright-effect\">\n\t\t\t\t\t\t\t<img loading=\"lazy\" decoding=\"async\" width=\"843\" height=\"474\" src=\"https:\/\/extension.fcejs.unsl.edu.ar\/wp-content\/uploads\/2026\/03\/placa-webfloreceran-panuelos.jpg-1024x576.jpeg\" class=\"attachment-large size-large wp-image-2046\" alt=\"\" srcset=\"https:\/\/extension.fcejs.unsl.edu.ar\/wp-content\/uploads\/2026\/03\/placa-webfloreceran-panuelos.jpg-1024x576.jpeg 1024w, https:\/\/extension.fcejs.unsl.edu.ar\/wp-content\/uploads\/2026\/03\/placa-webfloreceran-panuelos.jpg-300x169.jpeg 300w, https:\/\/extension.fcejs.unsl.edu.ar\/wp-content\/uploads\/2026\/03\/placa-webfloreceran-panuelos.jpg-768x432.jpeg 768w, https:\/\/extension.fcejs.unsl.edu.ar\/wp-content\/uploads\/2026\/03\/placa-webfloreceran-panuelos.jpg.jpeg 1153w\" sizes=\"(max-width: 843px) 100vw, 843px\" \/>\t\t\t\t\t\t<\/div>\n\t\t\t\t\t\t\t\t\t\t\t\t\t<div class=\"premium-blog-thumbnail-overlay\">\n\t\t\t\t\t\t\t\t<a class=\"elementor-icon\" href=\"https:\/\/extension.fcejs.unsl.edu.ar\/index.php\/floreceran-panuelos-actividad-artistica-por-la-memoria-en-el-campus-villa-mercedes\/\" target=\"_self\"><\/a>\n\t\t\t\t\t\t\t<\/div>\n\n\t\t\t\t\t\t\t\t\t\t\t\t\t\t\t\t\t\t<\/div>\n\t\t\t\t\t\t\t\t\t\t\t\t<div class=\"premium-blog-content-wrapper \">\n\n\t\t\t\t\t<div class=\"premium-blog-inner-container\">\n\n\t\t\t\t\t\t\t\t\t\t\t\t\t\t<h2 class=\"premium-blog-entry-title\">\n\t\t\t<a href=\"https:\/\/extension.fcejs.unsl.edu.ar\/index.php\/floreceran-panuelos-actividad-artistica-por-la-memoria-en-el-campus-villa-mercedes\/\" target=\"_self\">\n\t\t\t\t\u201cFlorecer\u00e1n Pa\u00f1uelos\u201d: Actividad art\u00edstica por la memoria en el Campus Villa Mercedes\t\t\t<\/a>\n\t\t<\/h2>\n\t\t\t\t<div class=\"premium-blog-entry-meta\">\n\t\t\t\n\t\t\t\n\t\t\t\n\t\t\t\t\t<\/div>\n\t\t\n\t\t\t\t\t<\/div>\n\n\t\t\t\t\t\t\t\t\t\t\n\t\t\t\t<\/div>\n\t\t\t<\/div>\n\t\t<\/div>\n\n\t\t\t\t<div class=\"premium-blog-post-outer-container\" data-total=\"15\">\n\t\t\t<div class=\"premium-blog-post-container premium-blog-skin-classic\">\n\t\t\t\t\t\t\t\t\t<div class=\"premium-blog-thumb-effect-wrapper\">\n\t\t\t\t\t\t<div class=\"premium-blog-thumbnail-container premium-blog-bright-effect\">\n\t\t\t\t\t\t\t<img loading=\"lazy\" decoding=\"async\" width=\"843\" height=\"474\" src=\"https:\/\/extension.fcejs.unsl.edu.ar\/wp-content\/uploads\/2026\/03\/placa-websalud-mental.jpg-1024x576.jpeg\" class=\"attachment-large size-large wp-image-2042\" alt=\"\" srcset=\"https:\/\/extension.fcejs.unsl.edu.ar\/wp-content\/uploads\/2026\/03\/placa-websalud-mental.jpg-1024x576.jpeg 1024w, https:\/\/extension.fcejs.unsl.edu.ar\/wp-content\/uploads\/2026\/03\/placa-websalud-mental.jpg-300x169.jpeg 300w, https:\/\/extension.fcejs.unsl.edu.ar\/wp-content\/uploads\/2026\/03\/placa-websalud-mental.jpg-768x432.jpeg 768w, https:\/\/extension.fcejs.unsl.edu.ar\/wp-content\/uploads\/2026\/03\/placa-websalud-mental.jpg.jpeg 1153w\" sizes=\"(max-width: 843px) 100vw, 843px\" \/>\t\t\t\t\t\t<\/div>\n\t\t\t\t\t\t\t\t\t\t\t\t\t<div class=\"premium-blog-thumbnail-overlay\">\n\t\t\t\t\t\t\t\t<a class=\"elementor-icon\" href=\"https:\/\/extension.fcejs.unsl.edu.ar\/index.php\/dia-mundial-del-trastorno-bipolar-la-fcejs-invita-al-ciclo-de-charlas-sobre-salud-mental\/\" target=\"_self\"><\/a>\n\t\t\t\t\t\t\t<\/div>\n\n\t\t\t\t\t\t\t\t\t\t\t\t\t\t\t\t\t\t<\/div>\n\t\t\t\t\t\t\t\t\t\t\t\t<div class=\"premium-blog-content-wrapper \">\n\n\t\t\t\t\t<div class=\"premium-blog-inner-container\">\n\n\t\t\t\t\t\t\t\t\t\t\t\t\t\t<h2 class=\"premium-blog-entry-title\">\n\t\t\t<a href=\"https:\/\/extension.fcejs.unsl.edu.ar\/index.php\/dia-mundial-del-trastorno-bipolar-la-fcejs-invita-al-ciclo-de-charlas-sobre-salud-mental\/\" target=\"_self\">\n\t\t\t\tD\u00eda Mundial del Trastorno Bipolar: La FCEJS invita al ciclo de charlas sobre salud mental\t\t\t<\/a>\n\t\t<\/h2>\n\t\t\t\t<div class=\"premium-blog-entry-meta\">\n\t\t\t\n\t\t\t\n\t\t\t\n\t\t\t\t\t<\/div>\n\t\t\n\t\t\t\t\t<\/div>\n\n\t\t\t\t\t\t\t\t\t\t\n\t\t\t\t<\/div>\n\t\t\t<\/div>\n\t\t<\/div>\n\n\t\t\t\t<div class=\"premium-blog-post-outer-container\" data-total=\"15\">\n\t\t\t<div class=\"premium-blog-post-container premium-blog-skin-classic\">\n\t\t\t\t\t\t\t\t\t<div class=\"premium-blog-thumb-effect-wrapper\">\n\t\t\t\t\t\t<div class=\"premium-blog-thumbnail-container premium-blog-bright-effect\">\n\t\t\t\t\t\t\t<img loading=\"lazy\" decoding=\"async\" width=\"843\" height=\"474\" src=\"https:\/\/extension.fcejs.unsl.edu.ar\/wp-content\/uploads\/2026\/03\/PLACA-WEB-FINPER2.jpg-1024x576.jpeg\" class=\"attachment-large size-large wp-image-2038\" alt=\"\" srcset=\"https:\/\/extension.fcejs.unsl.edu.ar\/wp-content\/uploads\/2026\/03\/PLACA-WEB-FINPER2.jpg-1024x576.jpeg 1024w, https:\/\/extension.fcejs.unsl.edu.ar\/wp-content\/uploads\/2026\/03\/PLACA-WEB-FINPER2.jpg-300x169.jpeg 300w, https:\/\/extension.fcejs.unsl.edu.ar\/wp-content\/uploads\/2026\/03\/PLACA-WEB-FINPER2.jpg-768x432.jpeg 768w, https:\/\/extension.fcejs.unsl.edu.ar\/wp-content\/uploads\/2026\/03\/PLACA-WEB-FINPER2.jpg.jpeg 1152w\" sizes=\"(max-width: 843px) 100vw, 843px\" \/>\t\t\t\t\t\t<\/div>\n\t\t\t\t\t\t\t\t\t\t\t\t\t<div class=\"premium-blog-thumbnail-overlay\">\n\t\t\t\t\t\t\t\t<a class=\"elementor-icon\" href=\"https:\/\/extension.fcejs.unsl.edu.ar\/index.php\/nueva-cohorte-de-la-diplomatura-en-finanzas-personales-de-la-fcejs\/\" target=\"_self\"><\/a>\n\t\t\t\t\t\t\t<\/div>\n\n\t\t\t\t\t\t\t\t\t\t\t\t\t\t\t\t\t\t<\/div>\n\t\t\t\t\t\t\t\t\t\t\t\t<div class=\"premium-blog-content-wrapper \">\n\n\t\t\t\t\t<div class=\"premium-blog-inner-container\">\n\n\t\t\t\t\t\t\t\t\t\t\t\t\t\t<h2 class=\"premium-blog-entry-title\">\n\t\t\t<a href=\"https:\/\/extension.fcejs.unsl.edu.ar\/index.php\/nueva-cohorte-de-la-diplomatura-en-finanzas-personales-de-la-fcejs\/\" target=\"_self\">\n\t\t\t\tNueva cohorte de la Diplomatura en Finanzas Personales de la FCEJS\t\t\t<\/a>\n\t\t<\/h2>\n\t\t\t\t<div class=\"premium-blog-entry-meta\">\n\t\t\t\n\t\t\t\n\t\t\t\n\t\t\t\t\t<\/div>\n\t\t\n\t\t\t\t\t<\/div>\n\n\t\t\t\t\t\t\t\t\t\t\n\t\t\t\t<\/div>\n\t\t\t<\/div>\n\t\t<\/div>\n\n\t\t\t\t<div class=\"premium-blog-post-outer-container\" data-total=\"15\">\n\t\t\t<div class=\"premium-blog-post-container premium-blog-skin-classic\">\n\t\t\t\t\t\t\t\t\t<div class=\"premium-blog-thumb-effect-wrapper\">\n\t\t\t\t\t\t<div class=\"premium-blog-thumbnail-container premium-blog-bright-effect\">\n\t\t\t\t\t\t\t<img loading=\"lazy\" decoding=\"async\" width=\"843\" height=\"474\" src=\"https:\/\/extension.fcejs.unsl.edu.ar\/wp-content\/uploads\/2026\/03\/FrontGenero-2048x1152-1-1024x576.jpg\" class=\"attachment-large size-large wp-image-2035\" alt=\"\" srcset=\"https:\/\/extension.fcejs.unsl.edu.ar\/wp-content\/uploads\/2026\/03\/FrontGenero-2048x1152-1-1024x576.jpg 1024w, https:\/\/extension.fcejs.unsl.edu.ar\/wp-content\/uploads\/2026\/03\/FrontGenero-2048x1152-1-300x169.jpg 300w, https:\/\/extension.fcejs.unsl.edu.ar\/wp-content\/uploads\/2026\/03\/FrontGenero-2048x1152-1-768x432.jpg 768w, https:\/\/extension.fcejs.unsl.edu.ar\/wp-content\/uploads\/2026\/03\/FrontGenero-2048x1152-1-1536x864.jpg 1536w, https:\/\/extension.fcejs.unsl.edu.ar\/wp-content\/uploads\/2026\/03\/FrontGenero-2048x1152-1.jpg 2048w\" sizes=\"(max-width: 843px) 100vw, 843px\" \/>\t\t\t\t\t\t<\/div>\n\t\t\t\t\t\t\t\t\t\t\t\t\t<div class=\"premium-blog-thumbnail-overlay\">\n\t\t\t\t\t\t\t\t<a class=\"elementor-icon\" href=\"https:\/\/extension.fcejs.unsl.edu.ar\/index.php\/ciclo-de-charlas-problematicas-actuales-en-torno-al-genero-y-derechos-humanos\/\" target=\"_self\"><\/a>\n\t\t\t\t\t\t\t<\/div>\n\n\t\t\t\t\t\t\t\t\t\t\t\t\t\t\t\t\t\t<\/div>\n\t\t\t\t\t\t\t\t\t\t\t\t<div class=\"premium-blog-content-wrapper \">\n\n\t\t\t\t\t<div class=\"premium-blog-inner-container\">\n\n\t\t\t\t\t\t\t\t\t\t\t\t\t\t<h2 class=\"premium-blog-entry-title\">\n\t\t\t<a href=\"https:\/\/extension.fcejs.unsl.edu.ar\/index.php\/ciclo-de-charlas-problematicas-actuales-en-torno-al-genero-y-derechos-humanos\/\" target=\"_self\">\n\t\t\t\tCiclo de Charlas \u201cProblem\u00e1ticas Actuales en torno al G\u00e9nero y Derechos Humanos\u201d\t\t\t<\/a>\n\t\t<\/h2>\n\t\t\t\t<div class=\"premium-blog-entry-meta\">\n\t\t\t\n\t\t\t\n\t\t\t\n\t\t\t\t\t<\/div>\n\t\t\n\t\t\t\t\t<\/div>\n\n\t\t\t\t\t\t\t\t\t\t\n\t\t\t\t<\/div>\n\t\t\t<\/div>\n\t\t<\/div>\n\n\t\t\t\t<div class=\"premium-blog-post-outer-container\" data-total=\"15\">\n\t\t\t<div class=\"premium-blog-post-container premium-blog-skin-classic\">\n\t\t\t\t\t\t\t\t\t<div class=\"premium-blog-thumb-effect-wrapper\">\n\t\t\t\t\t\t<div class=\"premium-blog-thumbnail-container premium-blog-bright-effect\">\n\t\t\t\t\t\t\t<img loading=\"lazy\" decoding=\"async\" width=\"843\" height=\"474\" src=\"https:\/\/extension.fcejs.unsl.edu.ar\/wp-content\/uploads\/2026\/02\/PLACA-WEB-segunda-cohorte-salud-2048x1152-1-1024x576.png\" class=\"attachment-large size-large wp-image-2032\" alt=\"\" srcset=\"https:\/\/extension.fcejs.unsl.edu.ar\/wp-content\/uploads\/2026\/02\/PLACA-WEB-segunda-cohorte-salud-2048x1152-1-1024x576.png 1024w, https:\/\/extension.fcejs.unsl.edu.ar\/wp-content\/uploads\/2026\/02\/PLACA-WEB-segunda-cohorte-salud-2048x1152-1-300x169.png 300w, https:\/\/extension.fcejs.unsl.edu.ar\/wp-content\/uploads\/2026\/02\/PLACA-WEB-segunda-cohorte-salud-2048x1152-1-768x432.png 768w, https:\/\/extension.fcejs.unsl.edu.ar\/wp-content\/uploads\/2026\/02\/PLACA-WEB-segunda-cohorte-salud-2048x1152-1-1536x864.png 1536w, https:\/\/extension.fcejs.unsl.edu.ar\/wp-content\/uploads\/2026\/02\/PLACA-WEB-segunda-cohorte-salud-2048x1152-1.png 2048w\" sizes=\"(max-width: 843px) 100vw, 843px\" \/>\t\t\t\t\t\t<\/div>\n\t\t\t\t\t\t\t\t\t\t\t\t\t<div class=\"premium-blog-thumbnail-overlay\">\n\t\t\t\t\t\t\t\t<a class=\"elementor-icon\" href=\"https:\/\/extension.fcejs.unsl.edu.ar\/index.php\/nueva-cohorte-de-la-diplomatura-de-extension-en-asistencia-en-salud-integral-para-la-comunidad\/\" target=\"_self\"><\/a>\n\t\t\t\t\t\t\t<\/div>\n\n\t\t\t\t\t\t\t\t\t\t\t\t\t\t\t\t\t\t<\/div>\n\t\t\t\t\t\t\t\t\t\t\t\t<div class=\"premium-blog-content-wrapper \">\n\n\t\t\t\t\t<div class=\"premium-blog-inner-container\">\n\n\t\t\t\t\t\t\t\t\t\t\t\t\t\t<h2 class=\"premium-blog-entry-title\">\n\t\t\t<a href=\"https:\/\/extension.fcejs.unsl.edu.ar\/index.php\/nueva-cohorte-de-la-diplomatura-de-extension-en-asistencia-en-salud-integral-para-la-comunidad\/\" target=\"_self\">\n\t\t\t\tNueva Cohorte de la Diplomatura de Extensi\u00f3n en \u201cAsistencia en Salud Integral para la Comunidad\u201d\t\t\t<\/a>\n\t\t<\/h2>\n\t\t\t\t<div class=\"premium-blog-entry-meta\">\n\t\t\t\n\t\t\t\n\t\t\t\n\t\t\t\t\t<\/div>\n\t\t\n\t\t\t\t\t<\/div>\n\n\t\t\t\t\t\t\t\t\t\t\n\t\t\t\t<\/div>\n\t\t\t<\/div>\n\t\t<\/div>\n\n\t\t\t\t<div class=\"premium-blog-post-outer-container\" data-total=\"15\">\n\t\t\t<div class=\"premium-blog-post-container premium-blog-skin-classic\">\n\t\t\t\t\t\t\t\t\t<div class=\"premium-blog-thumb-effect-wrapper\">\n\t\t\t\t\t\t<div class=\"premium-blog-thumbnail-container premium-blog-bright-effect\">\n\t\t\t\t\t\t\t<img loading=\"lazy\" decoding=\"async\" width=\"843\" height=\"474\" src=\"https:\/\/extension.fcejs.unsl.edu.ar\/wp-content\/uploads\/2026\/02\/PLACA-WEB-ELEGIMOS-MEMORIA-2026.jpg-1024x576.jpeg\" class=\"attachment-large size-large wp-image-2029\" alt=\"\" srcset=\"https:\/\/extension.fcejs.unsl.edu.ar\/wp-content\/uploads\/2026\/02\/PLACA-WEB-ELEGIMOS-MEMORIA-2026.jpg-1024x576.jpeg 1024w, https:\/\/extension.fcejs.unsl.edu.ar\/wp-content\/uploads\/2026\/02\/PLACA-WEB-ELEGIMOS-MEMORIA-2026.jpg-300x169.jpeg 300w, https:\/\/extension.fcejs.unsl.edu.ar\/wp-content\/uploads\/2026\/02\/PLACA-WEB-ELEGIMOS-MEMORIA-2026.jpg-768x432.jpeg 768w, https:\/\/extension.fcejs.unsl.edu.ar\/wp-content\/uploads\/2026\/02\/PLACA-WEB-ELEGIMOS-MEMORIA-2026.jpg.jpeg 1152w\" sizes=\"(max-width: 843px) 100vw, 843px\" \/>\t\t\t\t\t\t<\/div>\n\t\t\t\t\t\t\t\t\t\t\t\t\t<div class=\"premium-blog-thumbnail-overlay\">\n\t\t\t\t\t\t\t\t<a class=\"elementor-icon\" href=\"https:\/\/extension.fcejs.unsl.edu.ar\/index.php\/la-fcejs-invita-a-construir-agenda-por-la-memoria-la-verdad-y-la-justicia\/\" target=\"_self\"><\/a>\n\t\t\t\t\t\t\t<\/div>\n\n\t\t\t\t\t\t\t\t\t\t\t\t\t\t\t\t\t\t<\/div>\n\t\t\t\t\t\t\t\t\t\t\t\t<div class=\"premium-blog-content-wrapper \">\n\n\t\t\t\t\t<div class=\"premium-blog-inner-container\">\n\n\t\t\t\t\t\t\t\t\t\t\t\t\t\t<h2 class=\"premium-blog-entry-title\">\n\t\t\t<a href=\"https:\/\/extension.fcejs.unsl.edu.ar\/index.php\/la-fcejs-invita-a-construir-agenda-por-la-memoria-la-verdad-y-la-justicia\/\" target=\"_self\">\n\t\t\t\tLa FCEJS invita a construir agenda por la Memoria, la Verdad y la Justicia\t\t\t<\/a>\n\t\t<\/h2>\n\t\t\t\t<div class=\"premium-blog-entry-meta\">\n\t\t\t\n\t\t\t\n\t\t\t\n\t\t\t\t\t<\/div>\n\t\t\n\t\t\t\t\t<\/div>\n\n\t\t\t\t\t\t\t\t\t\t\n\t\t\t\t<\/div>\n\t\t\t<\/div>\n\t\t<\/div>\n\n\t\t\t\t<div class=\"premium-blog-post-outer-container\" data-total=\"15\">\n\t\t\t<div class=\"premium-blog-post-container premium-blog-skin-classic\">\n\t\t\t\t\t\t\t\t\t<div class=\"premium-blog-thumb-effect-wrapper\">\n\t\t\t\t\t\t<div class=\"premium-blog-thumbnail-container premium-blog-bright-effect\">\n\t\t\t\t\t\t\t<img loading=\"lazy\" decoding=\"async\" width=\"843\" height=\"472\" src=\"https:\/\/extension.fcejs.unsl.edu.ar\/wp-content\/uploads\/2026\/02\/seu-convocatoria.png\" class=\"attachment-large size-large wp-image-2025\" alt=\"\" srcset=\"https:\/\/extension.fcejs.unsl.edu.ar\/wp-content\/uploads\/2026\/02\/seu-convocatoria.png 958w, https:\/\/extension.fcejs.unsl.edu.ar\/wp-content\/uploads\/2026\/02\/seu-convocatoria-300x168.png 300w, https:\/\/extension.fcejs.unsl.edu.ar\/wp-content\/uploads\/2026\/02\/seu-convocatoria-768x430.png 768w\" sizes=\"(max-width: 843px) 100vw, 843px\" \/>\t\t\t\t\t\t<\/div>\n\t\t\t\t\t\t\t\t\t\t\t\t\t<div class=\"premium-blog-thumbnail-overlay\">\n\t\t\t\t\t\t\t\t<a class=\"elementor-icon\" href=\"https:\/\/extension.fcejs.unsl.edu.ar\/index.php\/abrieron-las-convocatorias-a-proyectos-de-extension-universitaria-peis-y-ped-2026\/\" target=\"_self\"><\/a>\n\t\t\t\t\t\t\t<\/div>\n\n\t\t\t\t\t\t\t\t\t\t\t\t\t\t\t\t\t\t<\/div>\n\t\t\t\t\t\t\t\t\t\t\t\t<div class=\"premium-blog-content-wrapper \">\n\n\t\t\t\t\t<div class=\"premium-blog-inner-container\">\n\n\t\t\t\t\t\t\t\t\t\t\t\t\t\t<h2 class=\"premium-blog-entry-title\">\n\t\t\t<a href=\"https:\/\/extension.fcejs.unsl.edu.ar\/index.php\/abrieron-las-convocatorias-a-proyectos-de-extension-universitaria-peis-y-ped-2026\/\" target=\"_self\">\n\t\t\t\tAbrieron las Convocatorias a Proyectos de Extensi\u00f3n Universitaria PEIS y PED 2026\t\t\t<\/a>\n\t\t<\/h2>\n\t\t\t\t<div class=\"premium-blog-entry-meta\">\n\t\t\t\n\t\t\t\n\t\t\t\n\t\t\t\t\t<\/div>\n\t\t\n\t\t\t\t\t<\/div>\n\n\t\t\t\t\t\t\t\t\t\t\n\t\t\t\t<\/div>\n\t\t\t<\/div>\n\t\t<\/div>\n\n\t\t\t\t<div class=\"premium-blog-post-outer-container\" data-total=\"15\">\n\t\t\t<div class=\"premium-blog-post-container premium-blog-skin-classic\">\n\t\t\t\t\t\t\t\t\t<div class=\"premium-blog-thumb-effect-wrapper\">\n\t\t\t\t\t\t<div class=\"premium-blog-thumbnail-container premium-blog-bright-effect\">\n\t\t\t\t\t\t\t<img loading=\"lazy\" decoding=\"async\" width=\"843\" height=\"473\" src=\"https:\/\/extension.fcejs.unsl.edu.ar\/wp-content\/uploads\/2026\/02\/ACTO-BIENVENIDA-2026-front-fcejs-1024x575.jpg\" class=\"attachment-large size-large wp-image-2022\" alt=\"\" srcset=\"https:\/\/extension.fcejs.unsl.edu.ar\/wp-content\/uploads\/2026\/02\/ACTO-BIENVENIDA-2026-front-fcejs-1024x575.jpg 1024w, https:\/\/extension.fcejs.unsl.edu.ar\/wp-content\/uploads\/2026\/02\/ACTO-BIENVENIDA-2026-front-fcejs-300x168.jpg 300w, https:\/\/extension.fcejs.unsl.edu.ar\/wp-content\/uploads\/2026\/02\/ACTO-BIENVENIDA-2026-front-fcejs-768x431.jpg 768w, https:\/\/extension.fcejs.unsl.edu.ar\/wp-content\/uploads\/2026\/02\/ACTO-BIENVENIDA-2026-front-fcejs.jpg 1152w\" sizes=\"(max-width: 843px) 100vw, 843px\" \/>\t\t\t\t\t\t<\/div>\n\t\t\t\t\t\t\t\t\t\t\t\t\t<div class=\"premium-blog-thumbnail-overlay\">\n\t\t\t\t\t\t\t\t<a class=\"elementor-icon\" href=\"https:\/\/extension.fcejs.unsl.edu.ar\/index.php\/la-unsl-dio-la-bienvenida-a-los-ingresantes-2026-en-villa-mercedes\/\" target=\"_self\"><\/a>\n\t\t\t\t\t\t\t<\/div>\n\n\t\t\t\t\t\t\t\t\t\t\t\t\t\t\t\t\t\t<\/div>\n\t\t\t\t\t\t\t\t\t\t\t\t<div class=\"premium-blog-content-wrapper \">\n\n\t\t\t\t\t<div class=\"premium-blog-inner-container\">\n\n\t\t\t\t\t\t\t\t\t\t\t\t\t\t<h2 class=\"premium-blog-entry-title\">\n\t\t\t<a href=\"https:\/\/extension.fcejs.unsl.edu.ar\/index.php\/la-unsl-dio-la-bienvenida-a-los-ingresantes-2026-en-villa-mercedes\/\" target=\"_self\">\n\t\t\t\tLa UNSL di\u00f3 la bienvenida a los Ingresantes 2026 en Villa Mercedes\t\t\t<\/a>\n\t\t<\/h2>\n\t\t\t\t<div class=\"premium-blog-entry-meta\">\n\t\t\t\n\t\t\t\n\t\t\t\n\t\t\t\t\t<\/div>\n\t\t\n\t\t\t\t\t<\/div>\n\n\t\t\t\t\t\t\t\t\t\t\n\t\t\t\t<\/div>\n\t\t\t<\/div>\n\t\t<\/div>\n\n\t\t\t\t<div class=\"premium-blog-post-outer-container\" data-total=\"15\">\n\t\t\t<div class=\"premium-blog-post-container premium-blog-skin-classic\">\n\t\t\t\t\t\t\t\t\t<div class=\"premium-blog-thumb-effect-wrapper\">\n\t\t\t\t\t\t<div class=\"premium-blog-thumbnail-container premium-blog-bright-effect\">\n\t\t\t\t\t\t\t<img loading=\"lazy\" decoding=\"async\" width=\"843\" height=\"474\" src=\"https:\/\/extension.fcejs.unsl.edu.ar\/wp-content\/uploads\/2025\/12\/PLACA-WEB-convocatoria-adultos-mayores-1024x576.png\" class=\"attachment-large size-large wp-image-2017\" alt=\"\" srcset=\"https:\/\/extension.fcejs.unsl.edu.ar\/wp-content\/uploads\/2025\/12\/PLACA-WEB-convocatoria-adultos-mayores-1024x576.png 1024w, https:\/\/extension.fcejs.unsl.edu.ar\/wp-content\/uploads\/2025\/12\/PLACA-WEB-convocatoria-adultos-mayores-300x169.png 300w, https:\/\/extension.fcejs.unsl.edu.ar\/wp-content\/uploads\/2025\/12\/PLACA-WEB-convocatoria-adultos-mayores-768x432.png 768w, https:\/\/extension.fcejs.unsl.edu.ar\/wp-content\/uploads\/2025\/12\/PLACA-WEB-convocatoria-adultos-mayores.png 1152w\" sizes=\"(max-width: 843px) 100vw, 843px\" \/>\t\t\t\t\t\t<\/div>\n\t\t\t\t\t\t\t\t\t\t\t\t\t<div class=\"premium-blog-thumbnail-overlay\">\n\t\t\t\t\t\t\t\t<a class=\"elementor-icon\" href=\"https:\/\/extension.fcejs.unsl.edu.ar\/index.php\/convocatoria-a-presentar-propuestas-de-trabajo-destinadas-a-personas-mayores\/\" target=\"_self\"><\/a>\n\t\t\t\t\t\t\t<\/div>\n\n\t\t\t\t\t\t\t\t\t\t\t\t\t\t\t\t\t\t<\/div>\n\t\t\t\t\t\t\t\t\t\t\t\t<div class=\"premium-blog-content-wrapper \">\n\n\t\t\t\t\t<div class=\"premium-blog-inner-container\">\n\n\t\t\t\t\t\t\t\t\t\t\t\t\t\t<h2 class=\"premium-blog-entry-title\">\n\t\t\t<a href=\"https:\/\/extension.fcejs.unsl.edu.ar\/index.php\/convocatoria-a-presentar-propuestas-de-trabajo-destinadas-a-personas-mayores\/\" target=\"_self\">\n\t\t\t\tConvocatoria a presentar propuestas de trabajo destinadas a personas mayores\t\t\t<\/a>\n\t\t<\/h2>\n\t\t\t\t<div class=\"premium-blog-entry-meta\">\n\t\t\t\n\t\t\t\n\t\t\t\n\t\t\t\t\t<\/div>\n\t\t\n\t\t\t\t\t<\/div>\n\n\t\t\t\t\t\t\t\t\t\t\n\t\t\t\t<\/div>\n\t\t\t<\/div>\n\t\t<\/div>\n\n\t\t\t\t<div class=\"premium-blog-post-outer-container\" data-total=\"15\">\n\t\t\t<div class=\"premium-blog-post-container premium-blog-skin-classic\">\n\t\t\t\t\t\t\t\t\t<div class=\"premium-blog-thumb-effect-wrapper\">\n\t\t\t\t\t\t<div class=\"premium-blog-thumbnail-container premium-blog-bright-effect\">\n\t\t\t\t\t\t\t<img loading=\"lazy\" decoding=\"async\" width=\"843\" height=\"561\" src=\"https:\/\/extension.fcejs.unsl.edu.ar\/wp-content\/uploads\/2025\/12\/WhatsApp-Image-2025-12-04-at-10.53.39-1024x682.jpeg\" class=\"attachment-large size-large wp-image-2007\" alt=\"\" srcset=\"https:\/\/extension.fcejs.unsl.edu.ar\/wp-content\/uploads\/2025\/12\/WhatsApp-Image-2025-12-04-at-10.53.39-1024x682.jpeg 1024w, https:\/\/extension.fcejs.unsl.edu.ar\/wp-content\/uploads\/2025\/12\/WhatsApp-Image-2025-12-04-at-10.53.39-300x200.jpeg 300w, https:\/\/extension.fcejs.unsl.edu.ar\/wp-content\/uploads\/2025\/12\/WhatsApp-Image-2025-12-04-at-10.53.39-768x512.jpeg 768w, https:\/\/extension.fcejs.unsl.edu.ar\/wp-content\/uploads\/2025\/12\/WhatsApp-Image-2025-12-04-at-10.53.39.jpeg 1100w\" sizes=\"(max-width: 843px) 100vw, 843px\" \/>\t\t\t\t\t\t<\/div>\n\t\t\t\t\t\t\t\t\t\t\t\t\t<div class=\"premium-blog-thumbnail-overlay\">\n\t\t\t\t\t\t\t\t<a class=\"elementor-icon\" href=\"https:\/\/extension.fcejs.unsl.edu.ar\/index.php\/culmino-el-xi-encuentro-de-intercambio-e-inclusion-2025\/\" target=\"_self\"><\/a>\n\t\t\t\t\t\t\t<\/div>\n\n\t\t\t\t\t\t\t\t\t\t\t\t\t\t\t\t\t\t<\/div>\n\t\t\t\t\t\t\t\t\t\t\t\t<div class=\"premium-blog-content-wrapper \">\n\n\t\t\t\t\t<div class=\"premium-blog-inner-container\">\n\n\t\t\t\t\t\t\t\t\t\t\t\t\t\t<h2 class=\"premium-blog-entry-title\">\n\t\t\t<a href=\"https:\/\/extension.fcejs.unsl.edu.ar\/index.php\/culmino-el-xi-encuentro-de-intercambio-e-inclusion-2025\/\" target=\"_self\">\n\t\t\t\tCulmin\u00f3 el XI Encuentro de Intercambio e Inclusi\u00f3n 2025\t\t\t<\/a>\n\t\t<\/h2>\n\t\t\t\t<div class=\"premium-blog-entry-meta\">\n\t\t\t\n\t\t\t\n\t\t\t\n\t\t\t\t\t<\/div>\n\t\t\n\t\t\t\t\t<\/div>\n\n\t\t\t\t\t\t\t\t\t\t\n\t\t\t\t<\/div>\n\t\t\t<\/div>\n\t\t<\/div>\n\n\t\t\t\t<div class=\"premium-blog-post-outer-container\" data-total=\"15\">\n\t\t\t<div class=\"premium-blog-post-container premium-blog-skin-classic\">\n\t\t\t\t\t\t\t\t\t<div class=\"premium-blog-thumb-effect-wrapper\">\n\t\t\t\t\t\t<div class=\"premium-blog-thumbnail-container premium-blog-bright-effect\">\n\t\t\t\t\t\t\t<img loading=\"lazy\" decoding=\"async\" width=\"843\" height=\"632\" src=\"https:\/\/extension.fcejs.unsl.edu.ar\/wp-content\/uploads\/2025\/12\/591371616_25084310257845629_6908075883831335724_n-1024x768.jpg\" class=\"attachment-large size-large wp-image-1999\" alt=\"\" srcset=\"https:\/\/extension.fcejs.unsl.edu.ar\/wp-content\/uploads\/2025\/12\/591371616_25084310257845629_6908075883831335724_n-1024x768.jpg 1024w, https:\/\/extension.fcejs.unsl.edu.ar\/wp-content\/uploads\/2025\/12\/591371616_25084310257845629_6908075883831335724_n-300x225.jpg 300w, https:\/\/extension.fcejs.unsl.edu.ar\/wp-content\/uploads\/2025\/12\/591371616_25084310257845629_6908075883831335724_n-768x576.jpg 768w, https:\/\/extension.fcejs.unsl.edu.ar\/wp-content\/uploads\/2025\/12\/591371616_25084310257845629_6908075883831335724_n.jpg 1280w\" sizes=\"(max-width: 843px) 100vw, 843px\" \/>\t\t\t\t\t\t<\/div>\n\t\t\t\t\t\t\t\t\t\t\t\t\t<div class=\"premium-blog-thumbnail-overlay\">\n\t\t\t\t\t\t\t\t<a class=\"elementor-icon\" href=\"https:\/\/extension.fcejs.unsl.edu.ar\/index.php\/25n-la-fcejs-y-organizaciones-realizaron-una-actividad-colectiva-en-plaza-san-martin\/\" target=\"_self\"><\/a>\n\t\t\t\t\t\t\t<\/div>\n\n\t\t\t\t\t\t\t\t\t\t\t\t\t\t\t\t\t\t<\/div>\n\t\t\t\t\t\t\t\t\t\t\t\t<div class=\"premium-blog-content-wrapper \">\n\n\t\t\t\t\t<div class=\"premium-blog-inner-container\">\n\n\t\t\t\t\t\t\t\t\t\t\t\t\t\t<h2 class=\"premium-blog-entry-title\">\n\t\t\t<a href=\"https:\/\/extension.fcejs.unsl.edu.ar\/index.php\/25n-la-fcejs-y-organizaciones-realizaron-una-actividad-colectiva-en-plaza-san-martin\/\" target=\"_self\">\n\t\t\t\t25N: La FCEJS y organizaciones realizaron una actividad colectiva en Plaza San Mart\u00edn\t\t\t<\/a>\n\t\t<\/h2>\n\t\t\t\t<div class=\"premium-blog-entry-meta\">\n\t\t\t\n\t\t\t\n\t\t\t\n\t\t\t\t\t<\/div>\n\t\t\n\t\t\t\t\t<\/div>\n\n\t\t\t\t\t\t\t\t\t\t\n\t\t\t\t<\/div>\n\t\t\t<\/div>\n\t\t<\/div>\n\n\t\t\t\t<div class=\"premium-blog-post-outer-container\" data-total=\"15\">\n\t\t\t<div class=\"premium-blog-post-container premium-blog-skin-classic\">\n\t\t\t\t\t\t\t\t\t<div class=\"premium-blog-thumb-effect-wrapper\">\n\t\t\t\t\t\t<div class=\"premium-blog-thumbnail-container premium-blog-bright-effect\">\n\t\t\t\t\t\t\t<img loading=\"lazy\" decoding=\"async\" width=\"843\" height=\"474\" src=\"https:\/\/extension.fcejs.unsl.edu.ar\/wp-content\/uploads\/2025\/12\/PLACA-WEB-violencias-trabajo-2048x1152-1-1024x576.png\" class=\"attachment-large size-large wp-image-1996\" alt=\"\" srcset=\"https:\/\/extension.fcejs.unsl.edu.ar\/wp-content\/uploads\/2025\/12\/PLACA-WEB-violencias-trabajo-2048x1152-1-1024x576.png 1024w, https:\/\/extension.fcejs.unsl.edu.ar\/wp-content\/uploads\/2025\/12\/PLACA-WEB-violencias-trabajo-2048x1152-1-300x169.png 300w, https:\/\/extension.fcejs.unsl.edu.ar\/wp-content\/uploads\/2025\/12\/PLACA-WEB-violencias-trabajo-2048x1152-1-768x432.png 768w, https:\/\/extension.fcejs.unsl.edu.ar\/wp-content\/uploads\/2025\/12\/PLACA-WEB-violencias-trabajo-2048x1152-1-1536x864.png 1536w, https:\/\/extension.fcejs.unsl.edu.ar\/wp-content\/uploads\/2025\/12\/PLACA-WEB-violencias-trabajo-2048x1152-1.png 2048w\" sizes=\"(max-width: 843px) 100vw, 843px\" \/>\t\t\t\t\t\t<\/div>\n\t\t\t\t\t\t\t\t\t\t\t\t\t<div class=\"premium-blog-thumbnail-overlay\">\n\t\t\t\t\t\t\t\t<a class=\"elementor-icon\" href=\"https:\/\/extension.fcejs.unsl.edu.ar\/index.php\/violencias-trabajo-y-derechos-abordajes-actuales-desde-la-trata-las-condiciones-laborales-y-la-justicia-de-familia\/\" target=\"_self\"><\/a>\n\t\t\t\t\t\t\t<\/div>\n\n\t\t\t\t\t\t\t\t\t\t\t\t\t\t\t\t\t\t<\/div>\n\t\t\t\t\t\t\t\t\t\t\t\t<div class=\"premium-blog-content-wrapper \">\n\n\t\t\t\t\t<div class=\"premium-blog-inner-container\">\n\n\t\t\t\t\t\t\t\t\t\t\t\t\t\t<h2 class=\"premium-blog-entry-title\">\n\t\t\t<a href=\"https:\/\/extension.fcejs.unsl.edu.ar\/index.php\/violencias-trabajo-y-derechos-abordajes-actuales-desde-la-trata-las-condiciones-laborales-y-la-justicia-de-familia\/\" target=\"_self\">\n\t\t\t\tViolencias, Trabajo y Derechos: abordajes actuales desde la trata, las condiciones laborales y la justicia de familia\t\t\t<\/a>\n\t\t<\/h2>\n\t\t\t\t<div class=\"premium-blog-entry-meta\">\n\t\t\t\n\t\t\t\n\t\t\t\n\t\t\t\t\t<\/div>\n\t\t\n\t\t\t\t\t<\/div>\n\n\t\t\t\t\t\t\t\t\t\t\n\t\t\t\t<\/div>\n\t\t\t<\/div>\n\t\t<\/div>\n\n\t\t\t\t<div class=\"premium-blog-post-outer-container\" data-total=\"15\">\n\t\t\t<div class=\"premium-blog-post-container premium-blog-skin-classic\">\n\t\t\t\t\t\t\t\t\t<div class=\"premium-blog-thumb-effect-wrapper\">\n\t\t\t\t\t\t<div class=\"premium-blog-thumbnail-container premium-blog-bright-effect\">\n\t\t\t\t\t\t\t<img loading=\"lazy\" decoding=\"async\" width=\"843\" height=\"473\" src=\"https:\/\/extension.fcejs.unsl.edu.ar\/wp-content\/uploads\/2025\/11\/xi-encuentro-intercambio-e-inclusion-front-1024x575.jpg\" class=\"attachment-large size-large wp-image-1993\" alt=\"\" srcset=\"https:\/\/extension.fcejs.unsl.edu.ar\/wp-content\/uploads\/2025\/11\/xi-encuentro-intercambio-e-inclusion-front-1024x575.jpg 1024w, https:\/\/extension.fcejs.unsl.edu.ar\/wp-content\/uploads\/2025\/11\/xi-encuentro-intercambio-e-inclusion-front-300x168.jpg 300w, https:\/\/extension.fcejs.unsl.edu.ar\/wp-content\/uploads\/2025\/11\/xi-encuentro-intercambio-e-inclusion-front-768x431.jpg 768w, https:\/\/extension.fcejs.unsl.edu.ar\/wp-content\/uploads\/2025\/11\/xi-encuentro-intercambio-e-inclusion-front.jpg 1152w\" sizes=\"(max-width: 843px) 100vw, 843px\" \/>\t\t\t\t\t\t<\/div>\n\t\t\t\t\t\t\t\t\t\t\t\t\t<div class=\"premium-blog-thumbnail-overlay\">\n\t\t\t\t\t\t\t\t<a class=\"elementor-icon\" href=\"https:\/\/extension.fcejs.unsl.edu.ar\/index.php\/4-y-5-de-diciembre-xi-encuentro-de-intercambio-e-inclusion-en-el-instituto-escuela-de-economia-negocios-y-transferencia-tecnologica\/\" target=\"_self\"><\/a>\n\t\t\t\t\t\t\t<\/div>\n\n\t\t\t\t\t\t\t\t\t\t\t\t\t\t\t\t\t\t<\/div>\n\t\t\t\t\t\t\t\t\t\t\t\t<div class=\"premium-blog-content-wrapper \">\n\n\t\t\t\t\t<div class=\"premium-blog-inner-container\">\n\n\t\t\t\t\t\t\t\t\t\t\t\t\t\t<h2 class=\"premium-blog-entry-title\">\n\t\t\t<a href=\"https:\/\/extension.fcejs.unsl.edu.ar\/index.php\/4-y-5-de-diciembre-xi-encuentro-de-intercambio-e-inclusion-en-el-instituto-escuela-de-economia-negocios-y-transferencia-tecnologica\/\" target=\"_self\">\n\t\t\t\t4 y 5 de diciembre:\u00a0XI Encuentro de Intercambio e Inclusi\u00f3n\u00a0en el Instituto Escuela de Econom\u00eda, Negocios y Transferencia Tecnol\u00f3gica\t\t\t<\/a>\n\t\t<\/h2>\n\t\t\t\t<div class=\"premium-blog-entry-meta\">\n\t\t\t\n\t\t\t\n\t\t\t\n\t\t\t\t\t<\/div>\n\t\t\n\t\t\t\t\t<\/div>\n\n\t\t\t\t\t\t\t\t\t\t\n\t\t\t\t<\/div>\n\t\t\t<\/div>\n\t\t<\/div>\n\n\t\t\t\t\t\t\t<\/div>\n\n\t\t\n\t\t\n\t\t\t\t\t\t<\/div>\n\t\t\t\t<\/div>\n\t\t\t\t\t<\/div>\n\t\t<\/div>\n\t\t\t\t\t<\/div>\n\t\t<\/section>\n\t\t\t\t\t<\/div>\n\t\t<\/div>\n\t\t\t\t\t<\/div>\n\t\t<\/section>\n\t\t\t\t<\/div>\n\t\t","protected":false},"excerpt":{"rendered":"<p>Encuentro con Ya Umuk: Di\u00e1logo Intercultural y Educaci\u00f3n en Comunidad Huarpe Encuentro con Ya Umuk: Di\u00e1logo Intercultural y Educaci\u00f3n en Comunidad Huarpe La Secretar\u00eda de&hellip;<\/p>\n","protected":false},"author":4,"featured_media":0,"parent":0,"menu_order":0,"comment_status":"closed","ping_status":"closed","template":"elementor_header_footer","meta":{"om_disable_all_campaigns":false,"_exactmetrics_skip_tracking":false,"_exactmetrics_sitenote_active":false,"_exactmetrics_sitenote_note":"","_exactmetrics_sitenote_category":0,"_uf_show_specific_survey":0,"_uf_disable_surveys":false,"footnotes":""},"class_list":["post-1120","page","type-page","status-publish","hentry"],"_links":{"self":[{"href":"https:\/\/extension.fcejs.unsl.edu.ar\/index.php\/wp-json\/wp\/v2\/pages\/1120","targetHints":{"allow":["GET"]}}],"collection":[{"href":"https:\/\/extension.fcejs.unsl.edu.ar\/index.php\/wp-json\/wp\/v2\/pages"}],"about":[{"href":"https:\/\/extension.fcejs.unsl.edu.ar\/index.php\/wp-json\/wp\/v2\/types\/page"}],"author":[{"embeddable":true,"href":"https:\/\/extension.fcejs.unsl.edu.ar\/index.php\/wp-json\/wp\/v2\/users\/4"}],"replies":[{"embeddable":true,"href":"https:\/\/extension.fcejs.unsl.edu.ar\/index.php\/wp-json\/wp\/v2\/comments?post=1120"}],"version-history":[{"count":12,"href":"https:\/\/extension.fcejs.unsl.edu.ar\/index.php\/wp-json\/wp\/v2\/pages\/1120\/revisions"}],"predecessor-version":[{"id":1593,"href":"https:\/\/extension.fcejs.unsl.edu.ar\/index.php\/wp-json\/wp\/v2\/pages\/1120\/revisions\/1593"}],"wp:attachment":[{"href":"https:\/\/extension.fcejs.unsl.edu.ar\/index.php\/wp-json\/wp\/v2\/media?parent=1120"}],"curies":[{"name":"wp","href":"https:\/\/api.w.org\/{rel}","templated":true}]}}